{"id":15,"date":"2015-05-31T21:07:14","date_gmt":"2015-05-31T21:07:14","guid":{"rendered":"https:\/\/comunicacaoeleitoral.ufpr.br\/?page_id=15"},"modified":"2022-04-28T18:59:27","modified_gmt":"2022-04-28T18:59:27","slug":"equipe","status":"publish","type":"page","link":"https:\/\/comunicacaoeleitoral.ufpr.br\/index.php\/equipe\/","title":{"rendered":"Equipe"},"content":{"rendered":"<h3 style=\"text-align: justify;\"><strong><a style=\"color: #000000;\" href=\"http:\/\/buscatextual.cnpq.br\/buscatextual\/visualizacv.do?id=K4794615Z6\" target=\"_blank\">Luciana Panke<\/a><\/strong><\/h3>\n<p><img loading=\"lazy\" decoding=\"async\" class=\"alignnone size-full wp-image-4173 alignleft\" src=\"https:\/\/comunicacaoeleitoral.ufpr.br\/wp-content\/uploads\/2015\/05\/Luciana.png\" alt=\"Luciana\" width=\"125\" height=\"154\" \/>P\u00f3s-doutorado em Comunica\u00e7\u00e3o Pol\u00edtica na Universidade Aut\u00f3noma Metropolitana, com sede em Cuajimalpa (UAM-M\u00e9xico), onde pesquisou propaganda eleitoral de mulheres na Am\u00e9rica Latina (bolsista Capes). Doutora em Ci\u00eancias da Comunica\u00e7\u00e3o pela Universidade de S\u00e3o Paulo, mestra em Letras pela Universidade Federal do Paran\u00e1 e graduada em Comunica\u00e7\u00e3o Social pela Pontif\u00edcia Universidade Cat\u00f3lica do Paran\u00e1, foi eleita uma das mulheres mais influentes da comunica\u00e7\u00e3o pol\u00edtica pela The Washington Academy of Political Arts &amp; Sciences (EUA) em 2016 e 2021. \u00c9 integrante do Comit\u00e9 de Apoyo a Mujeres L\u00edderes da FCD-Espanha e professora associada III da Universidade Federal do Paran\u00e1, onde leciona no curso de Publicidade e Propaganda, bem como no Programa de P\u00f3s-Gradua\u00e7\u00e3o em Comunica\u00e7\u00e3o, onde pesquisa comunica\u00e7\u00e3o pol\u00edtica e orienta mestrandos e doutorandos. Fundadora e l\u00edder do Grupo de Pesquisa Comunica\u00e7\u00e3o Eleitoral (CEL), tamb\u00e9m \u00e9 autora dos livros &#8220;Lula do sindicalismo \u00e0 reelei\u00e7\u00e3o&#8221;, &#8220;Campanhas Eleitorais para Mulheres: Desafios e Tend\u00eancias&#8221; e &#8220;Cria\u00e7\u00e3o Publicit\u00e1ria em R\u00e1dio&#8221;.<\/p>\n<h3 style=\"text-align: justify;\"><strong><a style=\"color: #000000;\" href=\"http:\/\/buscatextual.cnpq.br\/buscatextual\/visualizacv.do?id=K4794615Z6\" target=\"_blank\">Aryovaldo de Castro Azevedo Junior<\/a><\/strong><\/h3>\n<p><a href=\"https:\/\/comunicacaoeleitoral.ufpr.br\/wp-content\/uploads\/2015\/05\/Ary.png\"><img loading=\"lazy\" decoding=\"async\" class=\" size-full wp-image-4169 alignleft\" src=\"https:\/\/comunicacaoeleitoral.ufpr.br\/wp-content\/uploads\/2015\/05\/Ary.png\" alt=\"Ary\" width=\"125\" height=\"154\" \/><\/a><\/p>\n<p>P\u00f3s-Doutor em Ci\u00eancias da Comunica\u00e7\u00e3o pela Universidade de S\u00e3o Paulo (2017), Doutor em Multimeios pelo Instituto de Artes da Universidade Estadual de Campinas (2005), Mestre em Ci\u00eancias da Comunica\u00e7\u00e3o pela Escola de Comunica\u00e7\u00f5es e Artes da Universidade de S\u00e3o Paulo (1999) e Bacharel em Publicidade e Propaganda pela Escola de Comunica\u00e7\u00f5es e Artes da Universidade de S\u00e3o Paulo (1992). Professor Associado do Departamento de Comunica\u00e7\u00e3o da Universidade Federal do Paran\u00e1. Integra os grupos de pesquisa Estudos em Comunica\u00e7\u00e3o, Consumo e Sociedade (ECCOS\/UFPR) e Comunica\u00e7\u00e3o Eleitoral (CEL\/UFPR). Membro da Associa\u00e7\u00e3o Brasileira de Pesquisadores em Publicidade (ABP2), Red Latinoamericana de Investigadores em Publicidad (Relaip) e Associa\u00e7\u00e3o Internacional de Investigadores em Branding (Observat\u00f3rio de Marcas). Organizador dos livros Brasil: uma marca em constru\u00e7\u00e3o (2012),\u00a0 Elei\u00e7\u00f5es 2016: an\u00e1lise do HGPE em capitais brasileiras (2017), Reflex\u00f5es sobre m\u00eddia e consumo (2018) e As elei\u00e7\u00f5es estaduais no Brasil: estrat\u00e9gias de campanha para TV (2019).<\/p>\n<h3 style=\"text-align: justify;\"><span style=\"color: #000000;\"><strong><a style=\"color: #000000;\" href=\"http:\/\/buscatextual.cnpq.br\/buscatextual\/visualizacv.do?id=K4794615Z6\" target=\"_blank\">M\u00e1rio Messagi J\u00fanior<\/a><\/strong><\/span><\/h3>\n<p><a href=\"https:\/\/comunicacaoeleitoral.ufpr.br\/wp-content\/uploads\/2015\/05\/Mario.png\"><img loading=\"lazy\" decoding=\"async\" class=\"alignnone size-full wp-image-4174 alignleft\" src=\"https:\/\/comunicacaoeleitoral.ufpr.br\/wp-content\/uploads\/2015\/05\/Mario.png\" alt=\"Mario\" width=\"125\" height=\"154\" \/><\/a><\/p>\n<p style=\"text-align: left;\">Professor do Departamento de Comunica\u00e7\u00e3o da UFPR desde 1997, \u00e9 mestre em Letras\/Ling\u00fc\u00edstica pela UFPR e doutor em Ci\u00eancias da Comunica\u00e7\u00e3o pela Unisinos. Defendeu tese de doutoramento em 2009, sobre linguagem e hist\u00f3ria da imprensa no Brasil.<\/p>\n<h3 style=\"text-align: justify;\"><\/h3>\n<h3 style=\"text-align: justify;\"><strong><a style=\"color: #000000;\" href=\"http:\/\/buscatextual.cnpq.br\/buscatextual\/visualizacv.do?id=K4794615Z6\" target=\"_blank\">S\u00e9rgio Trein<\/a><\/strong><\/h3>\n<p><a style=\"font-size: 1.4em; text-align: justify;\" href=\"https:\/\/comunicacaoeleitoral.ufpr.br\/wp-content\/uploads\/2015\/05\/S\u00e9rgio.png\"><img loading=\"lazy\" decoding=\"async\" class=\"alignnone size-full wp-image-4175 alignleft\" src=\"https:\/\/comunicacaoeleitoral.ufpr.br\/wp-content\/uploads\/2015\/05\/S\u00e9rgio.png\" alt=\"S\u00e9rgio\" width=\"125\" height=\"154\" \/><\/a><\/p>\n<p>Publicit\u00e1rio. P\u00f3s-Doutorando em Comunica\u00e7\u00e3o pela ECA\/USP. Doutor em Comunica\u00e7\u00e3o Sociopol\u00edtica pela PUCRS (2010) e Mestre pela PUCRS (2004). Coordenador do curso de Publicidade e Propaganda da Universidade do Vale do Rio do Sinos (UNISINOS), no Rio Grande do Sul. Pesquisador em Comunica\u00e7\u00e3o e Propaganda Pol\u00edtica. Autor do livro \u201cComunica\u00e7\u00e3o Pol\u00edtica no Espa\u00e7o Urbano\u201d e de cap\u00edtulos em 10 livros, publicados no Brasil e em Portugal. \u00c1reas de pesquisa: cria\u00e7\u00e3o publicit\u00e1ria, propaganda pol\u00edtica, comunica\u00e7\u00e3o pol\u00edtica, comunica\u00e7\u00e3o governamental, comunica\u00e7\u00e3o p\u00fablica. Atualmente, pesquisa a rela\u00e7\u00e3o da publicidade externa com a paisagem urbana, utilizando ferramentas de neuroci\u00eancia como metodologia. Como base te\u00f3rica, s\u00e3o empregados conceitos como o rastreamento ocular, atra\u00e7\u00e3o e distra\u00e7\u00e3o, aten\u00e7\u00e3o visual, in\u00e9rcia atencional, processos de memoriza\u00e7\u00e3o. Em especial, aplicados na publicidade externa veiculada pelas prefeituras, governos estaduais e federal atrav\u00e9s de outdoors e placas de obras.<\/p>\n<h3 style=\"text-align: justify;\"><strong><a style=\"color: #000000;\" href=\"http:\/\/buscatextual.cnpq.br\/buscatextual\/visualizacv.do?id=K4794615Z6\" target=\"_blank\">Elthon Arag\u00e3o<\/a><\/strong><\/h3>\n<p><a href=\"https:\/\/comunicacaoeleitoral.ufpr.br\/wp-content\/uploads\/2015\/05\/Elthon.png\"><img loading=\"lazy\" decoding=\"async\" class=\"alignnone size-full wp-image-4170 alignleft\" src=\"https:\/\/comunicacaoeleitoral.ufpr.br\/wp-content\/uploads\/2015\/05\/Elthon.png\" alt=\"Elthon\" width=\"125\" height=\"154\" \/><\/a><\/p>\n<p>Graduado em Hist\u00f3ria (2007) e Jornalismo (2012) pela Universidade Federal do Maranh\u00e3o, possu\u00ed mestrado em Ci\u00eancias Sociais (2010) tamb\u00e9m pela UFMA e doutorado em Sociologia pela Universidade Federal de Sergipe (2016). Tem como principais \u00e1reas de interesse a antropologia pol\u00edtica, mais destacadamente estudos do poder local, fam\u00edlias de pol\u00edticos e din\u00e2mica eleitoral; Sociologia Pol\u00edtica, com \u00eanfase em elites pol\u00edticas; Comunica\u00e7\u00e3o e Pol\u00edtica, com foco na inser\u00e7\u00e3o de agentes pol\u00edticos no mundo virtual, mais precisamente nas redes sociais digitais.<\/p>\n<h3 style=\"text-align: justify;\"><strong><a style=\"color: #000000;\" href=\"http:\/\/buscatextual.cnpq.br\/buscatextual\/visualizacv.do?id=K4794615Z6\" target=\"_blank\">Gerson Scheidweiler<\/a><\/strong><\/h3>\n<p><span style=\"font-weight: 400;\"><a href=\"https:\/\/comunicacaoeleitoral.ufpr.br\/wp-content\/uploads\/2015\/05\/Gerson.png\"><img loading=\"lazy\" decoding=\"async\" class=\"alignnone size-full wp-image-4171 alignleft\" src=\"https:\/\/comunicacaoeleitoral.ufpr.br\/wp-content\/uploads\/2015\/05\/Gerson.png\" alt=\"Gerson\" width=\"125\" height=\"154\" \/><\/a>\u00c9 Doutor em Comunica\u00e7\u00e3o pela Universidade de Bras\u00edlia (UnB) e Mestre em Comunica\u00e7\u00e3o pela mesma Universidade. \u00c9 Bacharel em Comunica\u00e7\u00e3o Social, com habilita\u00e7\u00e3o em Publicidade e Propaganda, pela Universidade Positivo. Coordenou o Grupo de Pesquisa \u201cUm Olhar sobre as Mulheres no Parlamento\u201d e o Grupo de Pesquisa \u201cOs Parlamentares nas Redes Sociais: A Influ\u00eancia das Novas Ferramentas de Comunica\u00e7\u00e3o para a Representa\u00e7\u00e3o Parlamentar\u201d, ambos ligados ao Centro de Forma\u00e7\u00e3o da C\u00e2mara dos Deputados (CEFOR). Foi Professor de Gradua\u00e7\u00e3o e P\u00f3s-Gradua\u00e7\u00e3o na Universidade Cat\u00f3lica de Bras\u00edlia (UCB) e Coordenador-adjunto do projeto \u201cEscola de App: enfrentando a viol\u00eancia online contra meninas\u201d, financiado pela FAP-DF e pelo Minist\u00e9rio da Mulher, da Fam\u00edlia e dos Direitos Humanos. Atua na C\u00e2mara dos Deputados desde 2011 onde, atualmente, integra a Secretaria da Mulher da C\u00e2mara dos Deputados. \u00c9 Membro dos Grupos de Pesquisa Internet e Direitos Humanos (UnB) e Comunica\u00e7\u00e3o Eleitoral (CEL\/UFPR).<\/span><\/p>\n<h3 style=\"text-align: justify;\"><strong><a style=\"color: #000000;\" href=\"http:\/\/buscatextual.cnpq.br\/buscatextual\/visualizacv.do?id=K4794615Z6\" target=\"_blank\">Josemari Quevedo<\/a><\/strong><\/h3>\n<p><span style=\"font-weight: 400;\"><a href=\"https:\/\/comunicacaoeleitoral.ufpr.br\/wp-content\/uploads\/2015\/05\/Josemari.png\"><img loading=\"lazy\" decoding=\"async\" class=\"alignnone size-full wp-image-4172 alignleft\" src=\"https:\/\/comunicacaoeleitoral.ufpr.br\/wp-content\/uploads\/2015\/05\/Josemari.png\" alt=\"Josemari\" width=\"125\" height=\"154\" \/><\/a>Doutora na linha Tecnologia, Regula\u00e7\u00e3o e Sociedade, pelo Programa de P\u00f3s-Gradua\u00e7\u00e3o em Pol\u00edticas P\u00fablicas da UFPR, com pesquisa sobre a ret\u00f3rica da pol\u00edtica p\u00fablica de nanotecnologia do Brasil &#8211; bolsista Capes. Fez est\u00e1gio de doutoramento na linha de Governa\u00e7\u00e3o, Conhecimento e Inova\u00e7\u00e3o junto ao Centro de Estudos Sociais (CES), da Universidade de Coimbra &#8211; Portugal. Mestre em Comunica\u00e7\u00e3o e Informa\u00e7\u00e3o pela UFRGS com disserta\u00e7\u00e3o sobre debate p\u00fablico -bolsista Capes. Graduou-se em Comunica\u00e7\u00e3o Social &#8211; Jornalismo pela UFRGS. Integra os grupos de pesquisa Comunica\u00e7\u00e3o Eleitoral (CEL\/UFPR) e Tecnologias Emergentes, Sociedade e Desenvolvimento (TESD\/UFPR). Membro da Associa\u00e7\u00e3o Brasileira de Estudos Sociais das Ci\u00eancias e das Tecnologias &#8211; ESOCITE. Tem experi\u00eancia profissional em assessoria de imprensa e como rep\u00f3rter e redatora em empresas jornal\u00edsticas, organiza\u00e7\u00f5es do 3\u00ba setor e ag\u00eancia de conte\u00fado. Interesses de pesquisa: tecnologias emergentes; pol\u00edticas de ci\u00eancia, tecnologia e inova\u00e7\u00e3o; meio ambiente e sa\u00fade; comunica\u00e7\u00e3o pol\u00edtica; comunica\u00e7\u00e3o eleitoral.<\/span><\/p>\n<h3 style=\"text-align: justify;\"><span style=\"color: #000000;\"><strong><a style=\"color: #000000;\" href=\"http:\/\/buscatextual.cnpq.br\/buscatextual\/visualizacv.do?id=K4794615Z6\" target=\"_blank\">Carla Etiene Mendon\u00e7a da Silva<\/a><\/strong><\/span><\/h3>\n<p><a href=\"https:\/\/comunicacaoeleitoral.ufpr.br\/wp-content\/uploads\/2015\/05\/Carla.png\"><img loading=\"lazy\" decoding=\"async\" class=\" size-full wp-image-4381 alignleft\" src=\"https:\/\/comunicacaoeleitoral.ufpr.br\/wp-content\/uploads\/2015\/05\/Carla.png\" alt=\"Carla\" width=\"125\" height=\"155\" \/><\/a>Doutora e mestre em Ci\u00eancias Sociais, especialista em Estudos Comparados sobre as Am\u00e9ricas, pelo Instituto de Ci\u00eancias Sociais (ICS) da Universidade de Bras\u00edlia (UnB). Coordenadora de projeto no Latin American Women&#8217;s Rights Service (LAWRS) e editora de Internacional da revista The New Feminist, ambos em Londres (Reino Unido). Foi assistente de pesquisa no Department of Communication and Media da University of Liverpool, Reino Unido, em 2021; do MediaLab do Centro de Investiga\u00e7\u00e3o e Estudos de Sociologia (CIES-IUL) do Instituto Universit\u00e1rio de Lisboa (ISCTE), Portugal, entre 2018 e 2019; e pesquisadora visitante na Annenberg School for Communication and Journalism da University of Southern California (USC), Estados Unidos, entre 2012 e 2013. Bacharel pela Faculdade de Biblioteconomia e Comunica\u00e7\u00e3o Social (Fabico) com \u00eanfase em Jornalismo pela Universidade Federal do Rio Grande do Sul (UFRGS). Especialista em Rela\u00e7\u00f5es Internacionais pelo Instituto de Rela\u00e7\u00f5es Internacionais (Irel) da UnB. Realizou atividades de p\u00f3s-doutorado no Departamento de Economia e Rela\u00e7\u00f5es Internacionais (Deri) (2020-2021 e 2017-2018) e no Programa de P\u00f3s-Gradua\u00e7\u00e3o em Ci\u00eancia Pol\u00edtica (PPGPOL) (2017-2018) da UFRGS. Tem 27 anos de experi\u00eancia profissional em planejamento e gest\u00e3o de pol\u00edticas p\u00fablicas locais e nacionais; em planejamento e gest\u00e3o de rela\u00e7\u00f5es p\u00fablicas, estrat\u00e9gias de comunica\u00e7\u00e3o social, comunica\u00e7\u00e3o digital, cerimonial, eventos e branding; em planejamento e gest\u00e3o de rela\u00e7\u00f5es internacionais; em meios de comunica\u00e7\u00e3o impressa e digital; e em consultoria em comunica\u00e7\u00e3o pol\u00edtica. Interesses de pesquisa: Ci\u00eancias da Comunica\u00e7\u00e3o e Rela\u00e7\u00f5es Internacionais, com foco em comunica\u00e7\u00e3o pol\u00edtica, m\u00eddia e novas m\u00eddias, feminismo, cultura pol\u00edtica, soft power, Brasil, Am\u00e9rica Latina.<\/p>\n<h3 style=\"text-align: justify;\"><span style=\"color: #000000;\"><strong><a style=\"color: #000000;\" href=\"http:\/\/buscatextual.cnpq.br\/buscatextual\/visualizacv.do?id=K4794615Z6\" target=\"_blank\">M\u00e9rcia Alves<\/a><\/strong><\/span><\/h3>\n<p><a href=\"https:\/\/comunicacaoeleitoral.ufpr.br\/wp-content\/uploads\/2015\/05\/M\u00e9rcia_Prancheta-1.png\"><img loading=\"lazy\" decoding=\"async\" class=\" size-full wp-image-4379 alignleft\" src=\"https:\/\/comunicacaoeleitoral.ufpr.br\/wp-content\/uploads\/2015\/05\/M\u00e9rcia_Prancheta-1.png\" alt=\"M\u00e9rcia_Prancheta 1\" width=\"125\" height=\"155\" \/><\/a>Doutora em Ci\u00eancia Pol\u00edtica pela Universidade Federal de S\u00e3o Carlos (PPGPOL \/ UFSCar), Foi pesquisadora visitante na \u00c1rea de Ciencia Pol\u00edtica y de la Administraci\u00f3n na Universidad de Salamanca, Espanha. Foi editora chefe da revista Agenda Pol\u00edtica (ISSN 2318-8499) entre 2017 e 2021. Editora assistente da Aurora, revista de arte, m\u00eddia e pol\u00edtica (ISSN 1982-6672); Editora adjunta da revsta Teoria &amp; Pesquisa: Revista de Ci\u00eancia Pol\u00edtica (ISSN 2236-0107). Mestre em Ci\u00eancia Pol\u00edtica e Bacharel em Ci\u00eancias Sociais. Foi bolsista FAPESP durante o Mestrado e Doutorado. \u00c9 membro dos grupos de pesquisa Comunica\u00e7\u00e3o Pol\u00edtica, Partidos e Elei\u00e7\u00f5es (UFSCar) e do N\u00facleo de Estudos em Arte, M\u00eddia e Pol\u00edtica &#8211; NEAMP (PUC-SP). Desenvolve pesquisas na \u00e1rea de Ci\u00eancia Pol\u00edtica, com \u00eanfase em Comunica\u00e7\u00e3o Pol\u00edtica, principalmente nos temas: M\u00eddia e Elei\u00e7\u00f5es, Campanhas Eleitorais, Profissionaliza\u00e7\u00e3o de Campanhas, Campanhas Locais, e Metodologia de Pesquisa. Professora substituta do Departamento de Ci\u00eancia Pol\u00edtica da Universidade Federal do Paran\u00e1 (UFPR).<\/p>\n<h3 style=\"text-align: justify;\"><span style=\"color: #000000;\"><strong><a style=\"color: #000000;\" href=\"http:\/\/buscatextual.cnpq.br\/buscatextual\/visualizacv.do?id=K4794615Z6\" target=\"_blank\">Renata Albuquerque<\/a><\/strong><\/span><\/h3>\n<p><a href=\"https:\/\/comunicacaoeleitoral.ufpr.br\/wp-content\/uploads\/2015\/05\/Renata.png\"><img loading=\"lazy\" decoding=\"async\" class=\" size-full wp-image-4382 alignleft\" src=\"https:\/\/comunicacaoeleitoral.ufpr.br\/wp-content\/uploads\/2015\/05\/Renata.png\" alt=\"Renata\" width=\"125\" height=\"155\" \/><\/a>Antrop\u00f3loga especializada em estudos latino-americanos, com mestrado e doutorado pela Universidade de Bras\u00edlia. \u00c9 bacharel em Ci\u00eancias Sociais pela Universidade de S\u00e3o Paulo e licenciada em Ci\u00eancias Sociais pela mesma institui\u00e7\u00e3o. Foi pesquisadora visitante na Universidade de Georgetown (Washington DC), lotada no Center of Latin American Studies. Tem interesses relacionados \u00e0 antropologia da pol\u00edtica e \u00e0 etnografia de mobiliza\u00e7\u00f5es sociais. \u00c9 professora assistente na Faculdade C\u00e1sper L\u00edbero, onde tamb\u00e9m atua como supervisora do Laborat\u00f3rio de Opini\u00e3o P\u00fablica, vinculado \u00e0 coordenadoria de Rela\u00e7\u00f5es P\u00fablicas. \u00c9 membro da Associa\u00e7\u00e3o Brasileira de Antropologia, da Asociaci\u00f3n de Estudios Bolivianos e da American Anthropological Association. Seus projetos atuais se direcionam \u00e0 comunica\u00e7\u00e3o pol\u00edtica e eleitoral na Am\u00e9rica Latina e \u00e0 articula\u00e7\u00e3o do trabalho reprodutivo com outras formas de trabalho (sobretudo o trabalho na pol\u00edtica e o trabalho intelectual). \u00c9 pesquisadora no N\u00facleo de Pesquisas e Di\u00e1logos Interseccionais e Epistemologias Latino-americanas (NUPEDELAS), ligado ao Programa de P\u00f3s-Gradua\u00e7\u00e3o em Integra\u00e7\u00e3o da Am\u00e9rica Latina da Universidade de S\u00e3o Paulo (PROLAM\/USP) e no Grupo de Pesquisa Comunica\u00e7\u00e3o Eleitoral (CEL), ligado ao Programa de P\u00f3s-gradua\u00e7\u00e3o em Comunica\u00e7\u00e3o da Universidade Federal do Paran\u00e1 (PPGCOM\/UFPR).<\/p>\n<p>&nbsp;<\/p>\n<p style=\"text-align: left;\"><strong><span style=\"text-decoration: underline;\">Ana Caroline de Bassi Padilha<\/span><\/strong><\/p>\n<p><a href=\"https:\/\/comunicacaoeleitoral.ufpr.br\/wp-content\/uploads\/2015\/05\/WhatsApp-Image-2022-03-23-at-19.41.41.jpeg\"><img loading=\"lazy\" decoding=\"async\" class=\"alignleft wp-image-4402 size-thumbnail\" src=\"https:\/\/comunicacaoeleitoral.ufpr.br\/wp-content\/uploads\/2015\/05\/WhatsApp-Image-2022-03-23-at-19.41.41-150x150.jpeg\" alt=\"WhatsApp Image 2022-03-23 at 19.41.41\" width=\"150\" height=\"150\" srcset=\"https:\/\/comunicacaoeleitoral.ufpr.br\/wp-content\/uploads\/2015\/05\/WhatsApp-Image-2022-03-23-at-19.41.41-150x150.jpeg 150w, https:\/\/comunicacaoeleitoral.ufpr.br\/wp-content\/uploads\/2015\/05\/WhatsApp-Image-2022-03-23-at-19.41.41-50x50.jpeg 50w, https:\/\/comunicacaoeleitoral.ufpr.br\/wp-content\/uploads\/2015\/05\/WhatsApp-Image-2022-03-23-at-19.41.41-57x57.jpeg 57w\" sizes=\"(max-width: 150px) 100vw, 150px\" \/><\/a>\u00a0Doutora e mestra em Tecnologia e Sociedade pela Universidade Tecnol\u00f3gica Federal do Paran\u00e1 (UTFPR). Possui gradua\u00e7\u00e3o em Comunica\u00e7\u00e3o Social pela Universidade Federal do Paran\u00e1 (UFPR) e em Tecnologia em Artes Gr\u00e1ficas pela Universidade Tecnol\u00f3gica Federal do Paran\u00e1 (UTFPR). Tamb\u00e9m possui especializa\u00e7\u00e3o em Marketing e Administra\u00e7\u00e3o pela FAE Centro Universit\u00e1rio. Atualmente, \u00e9 professora do curso de Publicidade e Propaganda do Departamento de Comunica\u00e7\u00e3o Social da Universidade Federal do Paran\u00e1 (UFPR). Seus interesses de pesquisa est\u00e3o focados nos Estudos em Design, com \u00eanfase em quest\u00f5es relacionadas a estudos da imagem, cultura material, g\u00eanero, domesticidades e imprensa feminina nos anos 1950 e 1960.<\/p>\n<h3 style=\"text-align: justify;\"><strong><a style=\"color: #000000;\" href=\"http:\/\/buscatextual.cnpq.br\/buscatextual\/visualizacv.do?id=K4794615Z6\" target=\"_blank\">Afonso Verner<\/a><\/strong><\/h3>\n<p><span style=\"font-weight: 400;\"><a href=\"https:\/\/comunicacaoeleitoral.ufpr.br\/wp-content\/uploads\/2015\/05\/Afonso.png\"><img loading=\"lazy\" decoding=\"async\" class=\"alignnone size-full wp-image-4176 alignleft\" src=\"https:\/\/comunicacaoeleitoral.ufpr.br\/wp-content\/uploads\/2015\/05\/Afonso.png\" alt=\"Afonso\" width=\"125\" height=\"154\" \/><\/a>Graduado e Mestre em Jornalismo pela Universidade Estadual de Ponta Grossa (UEPG). Doutorando no Programa de Comunica\u00e7\u00e3o da Universidade Federal do Paran\u00e1 (UFPR). Realiza estudos na \u00e1rea da comunica\u00e7\u00e3o pol\u00edtica. Docente dos cursos de Comunica\u00e7\u00e3o Social da Unicesumar (Campus Ponta Grossa).<\/span><\/p>\n<p>&nbsp;<\/p>\n<h3 style=\"text-align: justify;\"><\/h3>\n<h3 style=\"text-align: justify;\"><span style=\"color: #000000;\"><strong><a style=\"color: #000000;\" href=\"http:\/\/buscatextual.cnpq.br\/buscatextual\/visualizacv.do?id=K4794615Z6\" target=\"_blank\">Jeferson Jos\u00e9 Thauny<\/a><\/strong><\/span><\/h3>\n<p><a href=\"https:\/\/comunicacaoeleitoral.ufpr.br\/wp-content\/uploads\/2015\/05\/Jeferson_Prancheta-1.png\"><img loading=\"lazy\" decoding=\"async\" class=\" size-full wp-image-4380 alignleft\" src=\"https:\/\/comunicacaoeleitoral.ufpr.br\/wp-content\/uploads\/2015\/05\/Jeferson_Prancheta-1.png\" alt=\"Jeferson_Prancheta 1\" width=\"125\" height=\"155\" \/><\/a><\/p>\n<p style=\"text-align: left;\">Doutorando e Mestre em Comunica\u00e7\u00e3o pela Universidade Federal do Paran\u00e1 (2014), graduado em Publicidade e Propaganda pela UTP\/PR (2004). Coordenador da C\u00e9lula Coletivo Experimental (PUCPR), atua como consultor e professor de especializa\u00e7\u00e3o, MBA e gradua\u00e7\u00e3o na Pontif\u00edcia Universidade Cat\u00f3lica do Paran\u00e1, Universidade Tuiuti do Paran\u00e1, Faculdade Din\u00e2mica das Cataratas e Universidade Comunit\u00e1ria Regional de Chapec\u00f3. Ainda em 2016\/17 ocupou o cargo de Diretor de Forma\u00e7\u00e3o e Aprimoramento Profissional do Grupo de Planejamento e Atendimento do Paran\u00e1 (GPA\/PR).\u00a0 Acumula know-how de 18 anos entre ensino e pr\u00e1tica nas \u00e1reas inerentes \u00e0 comunica\u00e7\u00e3o e marketing, concluindo experi\u00eancias mercadol\u00f3gica em departamentos de MKT e ag\u00eancias de Publicidade, MKT de Guerrilha e Promo\u00e7\u00e3o em Curitiba e S\u00e3o Paulo, tendo desenvolvido projetos promocionais para clientes como Petrobras, TIM, Gillette do Brasil, Prefeitura de Curitiba, Coca-Cola, Bosch, Grupo Positivo e Medial Sa\u00fade, principalmente no cargo de gerente de projetos promocionais na Master Comunica\u00e7\u00e3o. Seu \u00faltimo cargo ocupado no mercado foi de Vice-presidente de Marketing no Paran\u00e1 Clube. Pesquisa evolu\u00e7\u00f5es de mercado, tendo como foco principal o processo de planejamento de campanhas publicit\u00e1rias, principalmente sob o vi\u00e9s do marketing de relacionamento.<\/p>\n<h3 style=\"text-align: justify;\"><span style=\"color: #000000;\"><strong><a style=\"color: #000000;\" href=\"http:\/\/buscatextual.cnpq.br\/buscatextual\/visualizacv.do?id=K4794615Z6\" target=\"_blank\">Mateus da Cunha Santos<\/a><\/strong><\/span><\/h3>\n<p><a href=\"https:\/\/comunicacaoeleitoral.ufpr.br\/wp-content\/uploads\/2015\/05\/Mateus.png\"><img loading=\"lazy\" decoding=\"async\" class=\"alignnone size-full wp-image-4179 alignleft\" src=\"https:\/\/comunicacaoeleitoral.ufpr.br\/wp-content\/uploads\/2015\/05\/Mateus.png\" alt=\"Mateus\" width=\"125\" height=\"154\" \/><\/a><\/p>\n<p style=\"text-align: left;\">Doutorando\u00a0no Programa de P\u00f3s-gradua\u00e7\u00e3o em Comunica\u00e7\u00e3o da Universidade Federal do Paran\u00e1\u00a0(PPGCOM-UFPR), na linha de pesquisa Comunica\u00e7\u00e3o e Pol\u00edtica. Possui Gradua\u00e7\u00e3o em Comunica\u00e7\u00e3o Social &#8211; Habilita\u00e7\u00e3o em Publicidade e Propaganda (2011) e Mestrado em Comunica\u00e7\u00e3o (2020) pela Universidade Federal de Santa Maria (UFSM). Em 2020, passou a integrar o corpo de pesquisadores do Grupo de Pesquisa Comunica\u00e7\u00e3o Eleitoral (CEL-UFPR). Tem interesse na \u00e1rea de Comunica\u00e7\u00e3o Pol\u00edtica, com \u00eanfase em estrat\u00e9gias discursivas acionadas em campanhas eleitorais.<\/p>\n<h3 style=\"text-align: justify;\"><\/h3>\n<h3 style=\"text-align: justify;\"><strong><a style=\"color: #000000;\" href=\"http:\/\/buscatextual.cnpq.br\/buscatextual\/visualizacv.do?id=K4794615Z6\" target=\"_blank\">Ricardo Germano Tesseroli<\/a><\/strong><\/h3>\n<p><a href=\"https:\/\/comunicacaoeleitoral.ufpr.br\/wp-content\/uploads\/2015\/05\/Ricardo-T.png\"><img loading=\"lazy\" decoding=\"async\" class=\"alignnone size-full wp-image-4181 alignleft\" src=\"https:\/\/comunicacaoeleitoral.ufpr.br\/wp-content\/uploads\/2015\/05\/Ricardo-T.png\" alt=\"Ricardo-T\" width=\"125\" height=\"154\" \/><\/a><\/p>\n<p style=\"text-align: left;\">Doutorando em Comunica\u00e7\u00e3o pelo PPGCOM\/UFPR, na linha de pesquisa de Comunica\u00e7\u00e3o Pol\u00edtica. Membro do Grupo de Pesquisa Comunica\u00e7\u00e3o Eleitoral. Professor substituto do Departamento de Comunica\u00e7\u00e3o Social da Universidade Federal do Paran\u00e1 (UFPR) entre 2018 e 2020. Mestre em Comunica\u00e7\u00e3o pela\u00a0 Federal do Paran\u00e1 (2015). Especialista em Comunica\u00e7\u00e3o, Pol\u00edtica e Atores Social pela Universidade Estadual de Ponta Grossa (2010), Especialista em Comunica\u00e7\u00e3o Politica e Imagem pela Universidade Federal do Paran\u00e1 (2013). Formado em Comunica\u00e7\u00e3o Social com habilita\u00e7\u00e3o em Jornalismo pela Universidade Estadual do Centro Oeste (2005). Organizador dos livros: O Brasil vai \u00e0s urnas: as campanhas eleitorais para presidente na TV e internet (2019) e As Elei\u00e7\u00f5es Estaduais no Brasil: estrat\u00e9gias de campanha para TV (2019). Entre 2011 e 2018 foi respons\u00e1vel pelas Assessorias de Imprensa da Casa Civil do Paran\u00e1, da Secretaria de Governo e da Secretaria de Estado do Desenvolvimento Urbano e da Ag\u00eancia Reguladora do Paran\u00e1. Tem experi\u00eancia em Jornalismo Impresso, Radiojornalismo, Jornalismo Pol\u00edtico, Comunica\u00e7\u00e3o Visual, Teorias da Comunica\u00e7\u00e3o e do Jornalismo, Metodologia de Pesquisa, Fotojornalismo, Comunica\u00e7\u00e3o Politica, Comunica\u00e7\u00e3o P\u00fablica, Assessoria de Imprensa, Comunica\u00e7\u00e3o e Marketing Pol\u00edtico e Eleitoral).<\/p>\n<h3 style=\"text-align: justify;\"><span style=\"color: #000000;\"><strong><a style=\"color: #000000;\" href=\"http:\/\/buscatextual.cnpq.br\/buscatextual\/visualizacv.do?id=K4794615Z6\" target=\"_blank\">Vivian Oliveira Lemos dos Santos<\/a><\/strong><\/span><\/h3>\n<p><a href=\"https:\/\/comunicacaoeleitoral.ufpr.br\/wp-content\/uploads\/2015\/05\/Vivian1.png\"><img loading=\"lazy\" decoding=\"async\" class=\"alignnone size-full wp-image-4182 alignleft\" src=\"https:\/\/comunicacaoeleitoral.ufpr.br\/wp-content\/uploads\/2015\/05\/Vivian1.png\" alt=\"Vivian\" width=\"125\" height=\"154\" \/><\/a><\/p>\n<p>Doutoranda em Comunica\u00e7\u00e3o pela Universidade Federal do Paran\u00e1, mestra em Direitos Humanos e Pol\u00edticas P\u00fablicas pela Pontif\u00edcia Universidade Cat\u00f3lica do Paran\u00e1, especialista em Comunica\u00e7\u00e3o Online e Marketing Digital pela Universidade Tuiuti do Paran\u00e1, graduada em Jornalismo pelo Centro Universit\u00e1rio da Cidade (2003). Atualmente \u00e9 professora de cursos de gradua\u00e7\u00e3o em Comunica\u00e7\u00e3o do Unicuritiba e escritora. Atuou como Analista de Conte\u00fado S\u00eanior da Pontif\u00edcia Universidade Cat\u00f3lica do Paran\u00e1, principalmente nos seguintes temas: marketing digital e nicho, interatividade, educa\u00e7\u00e3o, comunica\u00e7\u00e3o, direitos humanos. Possui experi\u00eancia em Comunica\u00e7\u00e3o Corporativa, edi\u00e7\u00e3o e produ\u00e7\u00e3o de mat\u00e9rias jornal\u00edsticas, produ\u00e7\u00e3o e gest\u00e3o de conte\u00fado para canais online e offline, Assessoria de Imprensa, produ\u00e7\u00e3o de eventos. Coordenou a produ\u00e7\u00e3o da revista Vida Universit\u00e1ria, da Pontif\u00edcia Universidade Cat\u00f3lica do Paran\u00e1, al\u00e9m dos canais online Planeta PUC e Vida Universit\u00e1ria da mesma institui\u00e7\u00e3o. Pesquisa campanha de mulheres, desinforma\u00e7\u00e3o e viol\u00eancia de g\u00eanero na pol\u00edtica.<\/p>\n<h3 style=\"text-align: justify;\"><span style=\"color: #000000;\"><strong><a style=\"color: #000000;\" href=\"http:\/\/buscatextual.cnpq.br\/buscatextual\/visualizacv.do?id=K4794615Z6\" target=\"_blank\">Karina Lan\u00e7oni Bernardi<\/a><\/strong><\/span><\/h3>\n<p><a href=\"https:\/\/comunicacaoeleitoral.ufpr.br\/wp-content\/uploads\/2015\/05\/Karina1.png\"><img loading=\"lazy\" decoding=\"async\" class=\"alignnone size-full wp-image-4193 alignleft\" src=\"https:\/\/comunicacaoeleitoral.ufpr.br\/wp-content\/uploads\/2015\/05\/Karina1.png\" alt=\"Karina\" width=\"125\" height=\"154\" \/><\/a>Possui gradua\u00e7\u00e3o em Comunica\u00e7\u00e3o Social &#8211; habilita\u00e7\u00e3o em Jornalismo pela Universidade Tuiuti do Paran\u00e1 (2004). P\u00f3s-Graduada em MBA em Gest\u00e3o da Comunica\u00e7\u00e3o Empresarial (2011). Aluna da Especializa\u00e7\u00e3o em Sociologia Pol\u00edtica, da Universidade Federal do Paran\u00e1 (2018). Mestra em Comunica\u00e7\u00e3o, na Linha de Comunica\u00e7\u00e3o Pol\u00edtica do Programa de P\u00f3s-Gradua\u00e7\u00e3o em Comunica\u00e7\u00e3o (PPGCOM) da Universidade Federal do Paran\u00e1 (UFPR). Jornalista com mais de 15 anos de experi\u00eancia em reda\u00e7\u00f5es de TV e R\u00e1dio.<\/p>\n<h3 style=\"text-align: justify;\"><strong><a style=\"color: #000000;\" href=\"http:\/\/buscatextual.cnpq.br\/buscatextual\/visualizacv.do?id=K4794615Z6\" target=\"_blank\">Mariah Sampaio<\/a><\/strong><\/h3>\n<p><span style=\"font-weight: 400;\"><a href=\"https:\/\/comunicacaoeleitoral.ufpr.br\/wp-content\/uploads\/2015\/05\/Mariah.png\"><img loading=\"lazy\" decoding=\"async\" class=\"alignnone size-full wp-image-4194 alignleft\" src=\"https:\/\/comunicacaoeleitoral.ufpr.br\/wp-content\/uploads\/2015\/05\/Mariah.png\" alt=\"Mariah\" width=\"125\" height=\"154\" \/><\/a>Mestra em Comunica\u00e7\u00e3o pela Universidade de Bras\u00edlia (2020), possui gradua\u00e7\u00e3o em Ci\u00eancia Pol\u00edtica pela mesma institui\u00e7\u00e3o (2016). Professora volunt\u00e1ria da Faculdade de Comunica\u00e7\u00e3o da UNB, sua produ\u00e7\u00e3o acad\u00eamica \u00e9 voltada para o debate sobre pol\u00edtica e internet. Atualmente \u00e9 coordenadora da Frente Parlamentar dos Objetivos de Desenvolvimento Sustent\u00e1vel do DF e respons\u00e1vel pelas rela\u00e7\u00f5es institucionais do deputado distrital Leandro Grass. Passou tamb\u00e9m pelo Instituto de Pesquisa Econ\u00f4mica Aplicada e pela Consultoria Umbelino Lobo.<\/span><\/p>\n<h3 style=\"text-align: justify;\"><\/h3>\n<h3 style=\"text-align: justify;\"><strong><a style=\"color: #000000;\" href=\"http:\/\/buscatextual.cnpq.br\/buscatextual\/visualizacv.do?id=K4794615Z6\" target=\"_blank\">Sammyla Maciel<\/a><\/strong><\/h3>\n<p><a href=\"https:\/\/comunicacaoeleitoral.ufpr.br\/wp-content\/uploads\/2015\/05\/Sammyla.png\"><img loading=\"lazy\" decoding=\"async\" class=\"alignnone size-full wp-image-4197 alignleft\" src=\"https:\/\/comunicacaoeleitoral.ufpr.br\/wp-content\/uploads\/2015\/05\/Sammyla.png\" alt=\"Sammyla\" width=\"125\" height=\"154\" \/><\/a>Mestra em Comunica\u00e7\u00e3o pela Universidade Federal do Maranh\u00e3o (UFMA), bolsista Capes, e graduada em jornalismo pela Faculdade Est\u00e1cio de S\u00e3o Lu\u00eds. Atualmente, pesquisa comunica\u00e7\u00e3o governamental no Maranh\u00e3o, mas tem interesses em comunica\u00e7\u00e3o pol\u00edtica nos seguintes temas: hist\u00f3ria, comunica\u00e7\u00e3o eleitoral, estrat\u00e9gias de comunica\u00e7\u00e3o e redes sociais digitais. Tamb\u00e9m \u00e9 aluna externa da disciplina M\u00eddia e Elei\u00e7\u00f5es do Programa de P\u00f3s-Gradua\u00e7\u00e3o em Comunica\u00e7\u00e3o da Universidade Federal do Paran\u00e1 (UFPR) e membro do Grupo de Pesquisa em Comunica\u00e7\u00e3o, Pol\u00edtica e Sociedade da UFMA.<\/p>\n<h3 style=\"text-align: justify;\"><strong><a style=\"color: #000000;\" href=\"http:\/\/buscatextual.cnpq.br\/buscatextual\/visualizacv.do?id=K4794615Z6\" target=\"_blank\">Silvia Cunha<\/a><\/strong><\/h3>\n<p><a href=\"https:\/\/comunicacaoeleitoral.ufpr.br\/wp-content\/uploads\/2015\/05\/Silvia1.png\"><img loading=\"lazy\" decoding=\"async\" class=\"alignnone size-full wp-image-4198 alignleft\" src=\"https:\/\/comunicacaoeleitoral.ufpr.br\/wp-content\/uploads\/2015\/05\/Silvia1.png\" alt=\"Silvia\" width=\"125\" height=\"154\" \/><\/a><\/p>\n<p>Mestra em Comunica\u00e7\u00e3o e Pol\u00edtica pelo Programa de P\u00f3s-Gradua\u00e7\u00e3o em Comunica\u00e7\u00e3o da Universidade Federal do Paran\u00e1 (UFPR). Graduada em Comunica\u00e7\u00e3o Social com habilita\u00e7\u00e3o em Jornalismo pela Pontif\u00edcia Universidade Cat\u00f3lica do Paran\u00e1 (PUC-PR). Participa do Grupo de Pesquisa Comunica\u00e7\u00e3o Eleitoral (CEL), certificado pela CAPES desde 2011, vinculado \u00e0 linha de Pesquisa Comunica\u00e7\u00e3o, Pol\u00edtica e Atores Coletivos da UFPR. Acumula dez anos de experi\u00eancia em assessoria de imprensa e produ\u00e7\u00e3o de conte\u00fado.<\/p>\n<h3 style=\"text-align: justify;\"><strong><a style=\"color: #000000;\" href=\"http:\/\/buscatextual.cnpq.br\/buscatextual\/visualizacv.do?id=K4794615Z6\" target=\"_blank\">Simone Hubert<\/a><\/strong><\/h3>\n<p><strong><a href=\"https:\/\/comunicacaoeleitoral.ufpr.br\/wp-content\/uploads\/2015\/05\/Simone.png\"><img loading=\"lazy\" decoding=\"async\" class=\"alignnone size-full wp-image-4199 alignleft\" src=\"https:\/\/comunicacaoeleitoral.ufpr.br\/wp-content\/uploads\/2015\/05\/Simone.png\" alt=\"Simone\" width=\"125\" height=\"154\" \/><\/a><\/strong>Mestra em Comunica\u00e7\u00e3o e Linguagens e Especialista em Cinema pela Universidade Tuiuti do Paran\u00e1. Graduada em Comunica\u00e7\u00e3o Social pela\u00a0 Universidade Federal do Paran\u00e1 (UFPR). Professora na Pontif\u00edcia Universidade Cat\u00f3lica do Paran\u00e1 (PUC-PR). Acumula mais de vinte anos de experi\u00eancia em jornalismo e comunica\u00e7\u00e3o institucional e pol\u00edtica. Atuou nas principais emissoras do Paran\u00e1 e S\u00e3o Paulo, como editora, editora chefe, produtora e coordenadora de produ\u00e7\u00e3o. Roteirista. Foi Assessora Parlamentar na 55\u00aa Legislatura da C\u00e2mara dos Deputados e produziu v\u00e1rias campanhas pol\u00edticas e assessoria direta de pol\u00edticos. Na iniciativa privada atendeu Volvo do Brasil, McDonald&#8217;s, Nissei entre outras.<\/p>\n<h3 style=\"text-align: justify;\"><\/h3>\n<h3 style=\"text-align: justify;\"><span style=\"color: #000000;\"><strong><a style=\"color: #000000;\" href=\"http:\/\/buscatextual.cnpq.br\/buscatextual\/visualizacv.do?id=K4794615Z6\" target=\"_blank\">Miguel Quessada<\/a><\/strong><\/span><\/h3>\n<p><span style=\"font-weight: 400;\"><a href=\"https:\/\/comunicacaoeleitoral.ufpr.br\/wp-content\/uploads\/2015\/05\/Miguel.png\"><img loading=\"lazy\" decoding=\"async\" class=\"alignnone size-full wp-image-4200 alignleft\" src=\"https:\/\/comunicacaoeleitoral.ufpr.br\/wp-content\/uploads\/2015\/05\/Miguel.png\" alt=\"Miguel\" width=\"125\" height=\"154\" \/><\/a>Mestrando em Ci\u00eancia Pol\u00edtica pelo PPGPOL\/UFSCar. \u00c9 especialista em M\u00eddias e Educa\u00e7\u00e3o (IFSULDEMINAS), Educomunica\u00e7\u00e3o (UNYLEYA), Comunica\u00e7\u00e3o Empresarial (UMESP) e Marketing Pol\u00edtico (Uninter).\u00a0 Possui gradua\u00e7\u00e3o em Jornalismo (UNIRP), Letras (UMESP), Publicidade e Propaganda (IMESB), Pedagogia (UNIFRAN), Ci\u00eancia Pol\u00edtica (UNINTER). Atualmente \u00e9 aluno do curso de Rela\u00e7\u00f5es P\u00fablicas (UNIFRAN). \u00c9 servidor efetivo no cargo de assessor de imprensa da C\u00e2mara Municipal de Bebedouro e leciona para cursos preparat\u00f3rios e educa\u00e7\u00e3o profissionalizante. Atualmente pesquisa desinforma\u00e7\u00e3o e fake news.<\/span><\/p>\n<h3 style=\"text-align: justify;\"><\/h3>\n<h3 style=\"text-align: justify;\"><strong><a style=\"color: #000000;\" href=\"http:\/\/lattes.cnpq.br\/1620351632080751\" target=\"_blank\">Bruno Branco<\/a><\/strong><\/h3>\n<p><a href=\"https:\/\/comunicacaoeleitoral.ufpr.br\/wp-content\/uploads\/2015\/05\/Bruno1.png\"><img loading=\"lazy\" decoding=\"async\" class=\"alignnone size-full wp-image-4189 alignleft\" src=\"https:\/\/comunicacaoeleitoral.ufpr.br\/wp-content\/uploads\/2015\/05\/Bruno1.png\" alt=\"Bruno\" width=\"125\" height=\"154\" \/><\/a>Estudante de gradua\u00e7\u00e3o em Rela\u00e7\u00f5es P\u00fablicas na Universidade Federal do Paran\u00e1 (UFPR) e Ci\u00eancia de Dados na Universidade Positivo (UP). Possui interesse nos estudos de an\u00e1lise de discurso e narrativas, opini\u00e3o p\u00fablica e comunica\u00e7\u00e3o eleitoral. Participa do projeto de pesquisa \u201cComunica\u00e7\u00e3o e pol\u00edtica: a Gram\u00e1tica do Discurso Pol\u00edtico e Eleitoral\u201d, orientado pelo Professor Dr Ary Azevedo.<\/p>\n<h3 style=\"text-align: justify;\"><\/h3>\n<h3 style=\"text-align: justify;\"><strong><a style=\"color: #000000;\" href=\"http:\/\/buscatextual.cnpq.br\/buscatextual\/visualizacv.do?id=K4794615Z6\" target=\"_blank\">Emanuelle Nunes Salatini<\/a><\/strong><\/h3>\n<p><a href=\"https:\/\/comunicacaoeleitoral.ufpr.br\/wp-content\/uploads\/2015\/05\/Emanuelle.png\"><img loading=\"lazy\" decoding=\"async\" class=\"alignnone size-full wp-image-4185 alignleft\" src=\"https:\/\/comunicacaoeleitoral.ufpr.br\/wp-content\/uploads\/2015\/05\/Emanuelle.png\" alt=\"Emanuelle\" width=\"125\" height=\"154\" \/><\/a>Graduanda em Jornalismo pela Universidade Estadual de Ponta Grossa (UEPG), faz Inicia\u00e7\u00e3o Cient\u00edfica na \u00e1rea de Comunica\u00e7\u00e3o Pol\u00edtica desde 2018. Possui interesse em campanhas eleitorais, principalmente o HGPE televisivo, e em estudos de g\u00eanero, sobre participa\u00e7\u00e3o feminina na pol\u00edtica. Atualmente, faz parte da pesquisa \u201cA Representa\u00e7\u00e3o da Pandemia do Covid-19 no Brasil em jornais do Mercosul\u201d.<\/p>\n<h3 style=\"text-align: justify;\"><span style=\"color: #000000;\"><strong><a style=\"color: #000000;\" href=\"http:\/\/buscatextual.cnpq.br\/buscatextual\/visualizacv.do?id=K4794615Z6\" target=\"_blank\">Gabriela dos Santos Gorges<\/a><\/strong><\/span><\/h3>\n<p><a href=\"https:\/\/comunicacaoeleitoral.ufpr.br\/wp-content\/uploads\/2015\/05\/Gabriela.png\"><img loading=\"lazy\" decoding=\"async\" class=\"alignnone size-full wp-image-4191 alignleft\" src=\"https:\/\/comunicacaoeleitoral.ufpr.br\/wp-content\/uploads\/2015\/05\/Gabriela.png\" alt=\"Gabriela\" width=\"125\" height=\"154\" \/><\/a>Estudante de gradua\u00e7\u00e3o em Jornalismo pela Universidade Federal do Paran\u00e1 (UFPR) e aluna do projeto projeto de Inicia\u00e7\u00e3o Cient\u00edfica em Comunica\u00e7\u00e3o Eleitoral. Possui interesse na \u00e1rea dos estudos de opini\u00e3o p\u00fablica, pol\u00edticas sociais, luta feminista e representatividade de minorias na pol\u00edtica. Participa do projeto de pesquisa \u201cComunica\u00e7\u00e3o e pol\u00edtica: a Gram\u00e1tica do Discurso Pol\u00edtico e Eleitoral\u201d, orientado pelo Professor Dr Ary Azevedo.<\/p>\n<h3 style=\"text-align: justify;\"><\/h3>\n<p><span style=\"text-decoration: underline;\"><strong>Matheus Fenelon<\/strong><\/span><\/p>\n<p><a href=\"https:\/\/comunicacaoeleitoral.ufpr.br\/wp-content\/uploads\/2015\/05\/Sem-foto.png\"><img loading=\"lazy\" decoding=\"async\" class=\"alignnone size-full wp-image-4336 alignleft\" src=\"https:\/\/comunicacaoeleitoral.ufpr.br\/wp-content\/uploads\/2015\/05\/Sem-foto.png\" alt=\"Sem-foto\" width=\"125\" height=\"154\" \/><\/a>Estudante de gradua\u00e7\u00e3o em Publicidade e Propaganda na Universidade Federal do Paran\u00e1 (UFPR) e aluno do projeto de Inicia\u00e7\u00e3o Cient\u00edfica em Comunica\u00e7\u00e3o Eleitoral (CEL). Possui experi\u00eancia com produ\u00e7\u00e3o audiovisual e cria\u00e7\u00e3o de posts para redes sociais.<\/p>\n<p>&nbsp;<\/p>\n<h3 style=\"text-align: justify;\"><\/h3>\n<h3><strong><span style=\"text-decoration: underline;\">Paula Barreto de Oliveira<\/span><\/strong><\/h3>\n<p><a href=\"https:\/\/comunicacaoeleitoral.ufpr.br\/wp-content\/uploads\/2015\/05\/paula.jpeg\"><img loading=\"lazy\" decoding=\"async\" class=\"alignleft wp-image-4400 size-thumbnail\" src=\"https:\/\/comunicacaoeleitoral.ufpr.br\/wp-content\/uploads\/2015\/05\/paula-150x150.jpeg\" alt=\"paula\" width=\"150\" height=\"150\" srcset=\"https:\/\/comunicacaoeleitoral.ufpr.br\/wp-content\/uploads\/2015\/05\/paula-150x150.jpeg 150w, https:\/\/comunicacaoeleitoral.ufpr.br\/wp-content\/uploads\/2015\/05\/paula-50x50.jpeg 50w, https:\/\/comunicacaoeleitoral.ufpr.br\/wp-content\/uploads\/2015\/05\/paula-57x57.jpeg 57w\" sizes=\"(max-width: 150px) 100vw, 150px\" \/><\/a>Mestra pelo Programa de P\u00f3s-Gradua\u00e7\u00e3o em Comunica\u00e7\u00e3o e Linguagens da Universidade Tuiuti do Paran\u00e1 (PPGCom\/UTP) e bolsista CNPq durante a vig\u00eancia do mestrado. As atuais pesquisas contemplam os estudos de audiovisual, plataformas streaming, reconfigura\u00e7\u00f5es midi\u00e1ticas e comunica\u00e7\u00e3o pol\u00edtica. Com publica\u00e7\u00f5es em congressos nacionais, internacionais, cap\u00edtulos de livros e revistas. E-mail: professorapaulabarreto@gmail.com<\/p>\n<p>&nbsp;<\/p>\n<p>&nbsp;<\/p>\n<p>&nbsp;<\/p>\n<p>&nbsp;<\/p>\n<p>&nbsp;<\/p>\n<p><strong><u>Thamiris Regina Mottin<\/u><\/strong><\/p>\n<p><strong><u><a href=\"https:\/\/comunicacaoeleitoral.ufpr.br\/wp-content\/uploads\/2015\/05\/IMG_4276-2-1.jpg\"><img loading=\"lazy\" decoding=\"async\" class=\"alignleft size-thumbnail wp-image-4412\" src=\"https:\/\/comunicacaoeleitoral.ufpr.br\/wp-content\/uploads\/2015\/05\/IMG_4276-2-1-150x150.jpg\" alt=\"IMG_4276 (2) (1)\" width=\"150\" height=\"150\" srcset=\"https:\/\/comunicacaoeleitoral.ufpr.br\/wp-content\/uploads\/2015\/05\/IMG_4276-2-1-150x150.jpg 150w, https:\/\/comunicacaoeleitoral.ufpr.br\/wp-content\/uploads\/2015\/05\/IMG_4276-2-1-50x50.jpg 50w, https:\/\/comunicacaoeleitoral.ufpr.br\/wp-content\/uploads\/2015\/05\/IMG_4276-2-1-57x57.jpg 57w\" sizes=\"(max-width: 150px) 100vw, 150px\" \/><\/a><\/u><\/strong>Estudante de gradua\u00e7\u00e3o em Publicidade e Propaganda na Universidade Federal do Paran\u00e1 (UFPR) e aluna do projeto de Inicia\u00e7\u00e3o Cient\u00edfica em Comunica\u00e7\u00e3o Eleitoral (CEL). Tem experi\u00eancia com produ\u00e7\u00f5es para m\u00eddias sociais e audiovisual.<\/p>\n<p>&nbsp;<\/p>\n<p>&nbsp;<\/p>\n<p>&nbsp;<\/p>\n<h1 style=\"text-align: left;\">Colaboradores<\/h1>\n<h3><strong>Edgar Esquivel Solis<\/strong><\/h3>\n<h3><a href=\"https:\/\/comunicacaoeleitoral.ufpr.br\/wp-content\/uploads\/2015\/05\/edgar.jpg\"><img loading=\"lazy\" decoding=\"async\" class=\"alignleft wp-image-524\" src=\"https:\/\/comunicacaoeleitoral.ufpr.br\/wp-content\/uploads\/2015\/05\/edgar.jpg\" alt=\"edgar\" width=\"150\" height=\"150\" srcset=\"https:\/\/comunicacaoeleitoral.ufpr.br\/wp-content\/uploads\/2015\/05\/edgar.jpg 80w, https:\/\/comunicacaoeleitoral.ufpr.br\/wp-content\/uploads\/2015\/05\/edgar-50x50.jpg 50w, https:\/\/comunicacaoeleitoral.ufpr.br\/wp-content\/uploads\/2015\/05\/edgar-57x57.jpg 57w\" sizes=\"(max-width: 150px) 100vw, 150px\" \/><\/a><\/h3>\n<p style=\"text-align: justify;\">Dr. en sociolog\u00eda. Profesor-investigador Titular de la UAM-Cuajimalpa, Ciudad de M\u00e9xico. L\u00edder del grupo de Investigaci\u00f3n Comunicaci\u00f3n Pol\u00edtica \u2013 UAM-Cuajimalpa. Comunic\u00f3logo por la UAM- Xochimilco. Ha colaborado en diversas Instituciones como El Colegio Mexiquense A.C.; el ITESM-CEM; la FES-Acatl\u00e1n\/UNAM y la FLACSO. Sus l\u00edneas de investigaci\u00f3n son: la participaci\u00f3n ciudadana, sociedad civil, los movimientos sociales y la comunicaci\u00f3n.<\/p>\n<h3><strong>Luiz Ademir de Oliveira<\/strong><\/h3>\n<p><a href=\"https:\/\/comunicacaoeleitoral.ufpr.br\/wp-content\/uploads\/2015\/05\/luiz.jpg\"><img loading=\"lazy\" decoding=\"async\" class=\"alignleft wp-image-530 size-thumbnail\" src=\"https:\/\/comunicacaoeleitoral.ufpr.br\/wp-content\/uploads\/2015\/05\/luiz-150x150.jpg\" alt=\"luiz\" width=\"150\" height=\"150\" srcset=\"https:\/\/comunicacaoeleitoral.ufpr.br\/wp-content\/uploads\/2015\/05\/luiz-150x150.jpg 150w, https:\/\/comunicacaoeleitoral.ufpr.br\/wp-content\/uploads\/2015\/05\/luiz-50x50.jpg 50w, https:\/\/comunicacaoeleitoral.ufpr.br\/wp-content\/uploads\/2015\/05\/luiz-57x57.jpg 57w\" sizes=\"(max-width: 150px) 100vw, 150px\" \/><\/a><\/p>\n<p style=\"text-align: justify;\">\u00c9 Doutor (2005) e Mestre (1999) em Ci\u00eancia Pol\u00edtica (Ci\u00eancia Pol\u00edtica e Sociologia) pela Sociedade Brasileira de Instru\u00e7\u00e3o \u2013 SBI\/IUPERJ, Mestre em Comunica\u00e7\u00e3o Social pela Universidade Federal de Minas Gerais (UFMG) e graduado em Comunica\u00e7\u00e3o Social \u2013 Jornalismo pela Universidade Federal de Juiz de Fora (UFJF). Professor Adjunto III do Curso de Comunica\u00e7\u00e3o Social \u2013 Jornalismo, em regime de Dedica\u00e7\u00e3o Exclusiva (DE) na Universidade Federal de S\u00e3o Jo\u00e3o del-Rei (UFSJ). Atualmente, atua como docente, pesquisador do curso de Comunica\u00e7\u00e3o Social \u2013 Jornalismo, al\u00e9m de integrar o Colegiado e o N\u00facleo Docente Estruturante (NDE) do curso. \u00c9 professor colaborador do Programa de P\u00f3s-Gradua\u00e7\u00e3o em Comunica\u00e7\u00e3o Social (PPGCOM) da Universidade Federal de Juiz de Fora (UFJF). Em seu p\u00f3s-doutorado, em curso no \u00e2mbito do PPGCOM\/UFJF, desenvolveu a pesquisa \u201cA disputa eleitoral de 2014: as estrat\u00e9gias midi\u00e1ticas e pol\u00edticas no Hor\u00e1rio Gratuito de Propaganda Eleitoral (HGPE) e nas fanpages dos candidatos sob a \u00f3tica da narrativa transmidi\u00e1tica\u201d.<\/p>\n","protected":false},"excerpt":{"rendered":"<p>Luciana Panke P\u00f3s-doutorado em Comunica\u00e7\u00e3o Pol\u00edtica na Universidade Aut\u00f3noma Metropolitana, com sede em Cuajimalpa (UAM-M\u00e9xico), onde pesquisou propaganda eleitoral de mulheres na Am\u00e9rica Latina (bolsista Capes). Doutora em Ci\u00eancias da Comunica\u00e7\u00e3o pela Universidade de S\u00e3o Paulo, mestra em Letras pela Universidade Federal do Paran\u00e1 e graduada em Comunica\u00e7\u00e3o Social pela Pontif\u00edcia Universidade Cat\u00f3lica do Paran\u00e1, [&hellip;]<\/p>\n","protected":false},"author":1,"featured_media":0,"parent":0,"menu_order":0,"comment_status":"closed","ping_status":"closed","template":"","meta":{"_monsterinsights_skip_tracking":false,"_monsterinsights_sitenote_active":false,"_monsterinsights_sitenote_note":"","_monsterinsights_sitenote_category":0,"footnotes":""},"yoast_head":"<!-- This site is optimized with the Yoast SEO plugin v22.2 - https:\/\/yoast.com\/wordpress\/plugins\/seo\/ -->\n<title>Equipe - Comunica\u00e7\u00e3o Eleitoral<\/title>\n<meta name=\"description\" content=\"Grupo de pesquisa ligado \u00e0 linha de Comunica\u00e7\u00e3o, Pol\u00edtica e Atores Coletivos do Programa de P\u00f3s-gradua\u00e7\u00e3o em Comunica\u00e7\u00e3o da Universidade Federal do Paran\u00e1 (UFPR)\" \/>\n<meta name=\"robots\" content=\"index, follow, max-snippet:-1, max-image-preview:large, max-video-preview:-1\" \/>\n<link rel=\"canonical\" href=\"https:\/\/comunicacaoeleitoral.ufpr.br\/index.php\/equipe\/\" \/>\n<meta property=\"og:locale\" content=\"pt_BR\" \/>\n<meta property=\"og:type\" content=\"article\" \/>\n<meta property=\"og:title\" content=\"Equipe - Comunica\u00e7\u00e3o Eleitoral\" \/>\n<meta property=\"og:description\" content=\"Grupo de pesquisa ligado \u00e0 linha de Comunica\u00e7\u00e3o, Pol\u00edtica e Atores Coletivos do Programa de P\u00f3s-gradua\u00e7\u00e3o em Comunica\u00e7\u00e3o da Universidade Federal do Paran\u00e1 (UFPR)\" \/>\n<meta property=\"og:url\" content=\"https:\/\/comunicacaoeleitoral.ufpr.br\/index.php\/equipe\/\" \/>\n<meta property=\"og:site_name\" content=\"Comunica\u00e7\u00e3o Eleitoral\" \/>\n<meta property=\"article:publisher\" content=\"https:\/\/www.facebook.com\/Comunica%c3%a7%c3%a3o-Eleitoral-564214587069724\/\" \/>\n<meta property=\"article:modified_time\" content=\"2022-04-28T18:59:27+00:00\" \/>\n<meta property=\"og:image\" content=\"https:\/\/comunicacaoeleitoral.ufpr.br\/wp-content\/uploads\/2015\/05\/Luciana.png\" \/>\n<meta name=\"twitter:card\" content=\"summary_large_image\" \/>\n<meta name=\"twitter:label1\" content=\"Est. tempo de leitura\" \/>\n\t<meta name=\"twitter:data1\" content=\"19 minutos\" \/>\n<script type=\"application\/ld+json\" class=\"yoast-schema-graph\">{\"@context\":\"https:\/\/schema.org\",\"@graph\":[{\"@type\":\"WebPage\",\"@id\":\"https:\/\/comunicacaoeleitoral.ufpr.br\/index.php\/equipe\/\",\"url\":\"https:\/\/comunicacaoeleitoral.ufpr.br\/index.php\/equipe\/\",\"name\":\"Equipe - Comunica\u00e7\u00e3o Eleitoral\",\"isPartOf\":{\"@id\":\"https:\/\/comunicacaoeleitoral.ufpr.br\/#website\"},\"primaryImageOfPage\":{\"@id\":\"https:\/\/comunicacaoeleitoral.ufpr.br\/index.php\/equipe\/#primaryimage\"},\"image\":{\"@id\":\"https:\/\/comunicacaoeleitoral.ufpr.br\/index.php\/equipe\/#primaryimage\"},\"thumbnailUrl\":\"https:\/\/comunicacaoeleitoral.ufpr.br\/wp-content\/uploads\/2015\/05\/Luciana.png\",\"datePublished\":\"2015-05-31T21:07:14+00:00\",\"dateModified\":\"2022-04-28T18:59:27+00:00\",\"description\":\"Grupo de pesquisa ligado \u00e0 linha de Comunica\u00e7\u00e3o, Pol\u00edtica e Atores Coletivos do Programa de P\u00f3s-gradua\u00e7\u00e3o em Comunica\u00e7\u00e3o da Universidade Federal do Paran\u00e1 (UFPR)\",\"breadcrumb\":{\"@id\":\"https:\/\/comunicacaoeleitoral.ufpr.br\/index.php\/equipe\/#breadcrumb\"},\"inLanguage\":\"pt-BR\",\"potentialAction\":[{\"@type\":\"ReadAction\",\"target\":[\"https:\/\/comunicacaoeleitoral.ufpr.br\/index.php\/equipe\/\"]}]},{\"@type\":\"ImageObject\",\"inLanguage\":\"pt-BR\",\"@id\":\"https:\/\/comunicacaoeleitoral.ufpr.br\/index.php\/equipe\/#primaryimage\",\"url\":\"https:\/\/comunicacaoeleitoral.ufpr.br\/wp-content\/uploads\/2015\/05\/Luciana.png\",\"contentUrl\":\"https:\/\/comunicacaoeleitoral.ufpr.br\/wp-content\/uploads\/2015\/05\/Luciana.png\",\"width\":125,\"height\":154},{\"@type\":\"BreadcrumbList\",\"@id\":\"https:\/\/comunicacaoeleitoral.ufpr.br\/index.php\/equipe\/#breadcrumb\",\"itemListElement\":[{\"@type\":\"ListItem\",\"position\":1,\"name\":\"In\u00edcio\",\"item\":\"https:\/\/comunicacaoeleitoral.ufpr.br\/\"},{\"@type\":\"ListItem\",\"position\":2,\"name\":\"Equipe\"}]},{\"@type\":\"WebSite\",\"@id\":\"https:\/\/comunicacaoeleitoral.ufpr.br\/#website\",\"url\":\"https:\/\/comunicacaoeleitoral.ufpr.br\/\",\"name\":\"Comunica\u00e7\u00e3o Eleitoral\",\"description\":\"Grupo de pesquisa ligado \u00e0 linha de Comunica\u00e7\u00e3o e Pol\u00edtica do Programa de P\u00f3s-gradua\u00e7\u00e3o em Comunica\u00e7\u00e3o da Universidade Federal do Paran\u00e1.\",\"publisher\":{\"@id\":\"https:\/\/comunicacaoeleitoral.ufpr.br\/#organization\"},\"potentialAction\":[{\"@type\":\"SearchAction\",\"target\":{\"@type\":\"EntryPoint\",\"urlTemplate\":\"https:\/\/comunicacaoeleitoral.ufpr.br\/?s={search_term_string}\"},\"query-input\":\"required name=search_term_string\"}],\"inLanguage\":\"pt-BR\"},{\"@type\":\"Organization\",\"@id\":\"https:\/\/comunicacaoeleitoral.ufpr.br\/#organization\",\"name\":\"Comunica\u00e7\u00e3o Eleitoral\",\"url\":\"https:\/\/comunicacaoeleitoral.ufpr.br\/\",\"logo\":{\"@type\":\"ImageObject\",\"inLanguage\":\"pt-BR\",\"@id\":\"https:\/\/comunicacaoeleitoral.ufpr.br\/#\/schema\/logo\/image\/\",\"url\":\"https:\/\/comunicacaoeleitoral.ufpr.br\/wp-content\/uploads\/2015\/05\/header2c_celtalks.png\",\"contentUrl\":\"https:\/\/comunicacaoeleitoral.ufpr.br\/wp-content\/uploads\/2015\/05\/header2c_celtalks.png\",\"width\":1800,\"height\":674,\"caption\":\"Comunica\u00e7\u00e3o Eleitoral\"},\"image\":{\"@id\":\"https:\/\/comunicacaoeleitoral.ufpr.br\/#\/schema\/logo\/image\/\"},\"sameAs\":[\"https:\/\/www.facebook.com\/Comunica\u00e7\u00e3o-Eleitoral-564214587069724\/\",\"https:\/\/www.instagram.com\/comunicacaoeleitoral\/\",\"https:\/\/www.youtube.com\/ocanalpanke\"]}]}<\/script>\n<!-- \/ Yoast SEO plugin. -->","yoast_head_json":{"title":"Equipe - Comunica\u00e7\u00e3o Eleitoral","description":"Grupo de pesquisa ligado \u00e0 linha de Comunica\u00e7\u00e3o, Pol\u00edtica e Atores Coletivos do Programa de P\u00f3s-gradua\u00e7\u00e3o em Comunica\u00e7\u00e3o da Universidade Federal do Paran\u00e1 (UFPR)","robots":{"index":"index","follow":"follow","max-snippet":"max-snippet:-1","max-image-preview":"max-image-preview:large","max-video-preview":"max-video-preview:-1"},"canonical":"https:\/\/comunicacaoeleitoral.ufpr.br\/index.php\/equipe\/","og_locale":"pt_BR","og_type":"article","og_title":"Equipe - Comunica\u00e7\u00e3o Eleitoral","og_description":"Grupo de pesquisa ligado \u00e0 linha de Comunica\u00e7\u00e3o, Pol\u00edtica e Atores Coletivos do Programa de P\u00f3s-gradua\u00e7\u00e3o em Comunica\u00e7\u00e3o da Universidade Federal do Paran\u00e1 (UFPR)","og_url":"https:\/\/comunicacaoeleitoral.ufpr.br\/index.php\/equipe\/","og_site_name":"Comunica\u00e7\u00e3o Eleitoral","article_publisher":"https:\/\/www.facebook.com\/Comunica%c3%a7%c3%a3o-Eleitoral-564214587069724\/","article_modified_time":"2022-04-28T18:59:27+00:00","og_image":[{"url":"https:\/\/comunicacaoeleitoral.ufpr.br\/wp-content\/uploads\/2015\/05\/Luciana.png"}],"twitter_card":"summary_large_image","twitter_misc":{"Est. tempo de leitura":"19 minutos"},"schema":{"@context":"https:\/\/schema.org","@graph":[{"@type":"WebPage","@id":"https:\/\/comunicacaoeleitoral.ufpr.br\/index.php\/equipe\/","url":"https:\/\/comunicacaoeleitoral.ufpr.br\/index.php\/equipe\/","name":"Equipe - Comunica\u00e7\u00e3o Eleitoral","isPartOf":{"@id":"https:\/\/comunicacaoeleitoral.ufpr.br\/#website"},"primaryImageOfPage":{"@id":"https:\/\/comunicacaoeleitoral.ufpr.br\/index.php\/equipe\/#primaryimage"},"image":{"@id":"https:\/\/comunicacaoeleitoral.ufpr.br\/index.php\/equipe\/#primaryimage"},"thumbnailUrl":"https:\/\/comunicacaoeleitoral.ufpr.br\/wp-content\/uploads\/2015\/05\/Luciana.png","datePublished":"2015-05-31T21:07:14+00:00","dateModified":"2022-04-28T18:59:27+00:00","description":"Grupo de pesquisa ligado \u00e0 linha de Comunica\u00e7\u00e3o, Pol\u00edtica e Atores Coletivos do Programa de P\u00f3s-gradua\u00e7\u00e3o em Comunica\u00e7\u00e3o da Universidade Federal do Paran\u00e1 (UFPR)","breadcrumb":{"@id":"https:\/\/comunicacaoeleitoral.ufpr.br\/index.php\/equipe\/#breadcrumb"},"inLanguage":"pt-BR","potentialAction":[{"@type":"ReadAction","target":["https:\/\/comunicacaoeleitoral.ufpr.br\/index.php\/equipe\/"]}]},{"@type":"ImageObject","inLanguage":"pt-BR","@id":"https:\/\/comunicacaoeleitoral.ufpr.br\/index.php\/equipe\/#primaryimage","url":"https:\/\/comunicacaoeleitoral.ufpr.br\/wp-content\/uploads\/2015\/05\/Luciana.png","contentUrl":"https:\/\/comunicacaoeleitoral.ufpr.br\/wp-content\/uploads\/2015\/05\/Luciana.png","width":125,"height":154},{"@type":"BreadcrumbList","@id":"https:\/\/comunicacaoeleitoral.ufpr.br\/index.php\/equipe\/#breadcrumb","itemListElement":[{"@type":"ListItem","position":1,"name":"In\u00edcio","item":"https:\/\/comunicacaoeleitoral.ufpr.br\/"},{"@type":"ListItem","position":2,"name":"Equipe"}]},{"@type":"WebSite","@id":"https:\/\/comunicacaoeleitoral.ufpr.br\/#website","url":"https:\/\/comunicacaoeleitoral.ufpr.br\/","name":"Comunica\u00e7\u00e3o Eleitoral","description":"Grupo de pesquisa ligado \u00e0 linha de Comunica\u00e7\u00e3o e Pol\u00edtica do Programa de P\u00f3s-gradua\u00e7\u00e3o em Comunica\u00e7\u00e3o da Universidade Federal do Paran\u00e1.","publisher":{"@id":"https:\/\/comunicacaoeleitoral.ufpr.br\/#organization"},"potentialAction":[{"@type":"SearchAction","target":{"@type":"EntryPoint","urlTemplate":"https:\/\/comunicacaoeleitoral.ufpr.br\/?s={search_term_string}"},"query-input":"required name=search_term_string"}],"inLanguage":"pt-BR"},{"@type":"Organization","@id":"https:\/\/comunicacaoeleitoral.ufpr.br\/#organization","name":"Comunica\u00e7\u00e3o Eleitoral","url":"https:\/\/comunicacaoeleitoral.ufpr.br\/","logo":{"@type":"ImageObject","inLanguage":"pt-BR","@id":"https:\/\/comunicacaoeleitoral.ufpr.br\/#\/schema\/logo\/image\/","url":"https:\/\/comunicacaoeleitoral.ufpr.br\/wp-content\/uploads\/2015\/05\/header2c_celtalks.png","contentUrl":"https:\/\/comunicacaoeleitoral.ufpr.br\/wp-content\/uploads\/2015\/05\/header2c_celtalks.png","width":1800,"height":674,"caption":"Comunica\u00e7\u00e3o Eleitoral"},"image":{"@id":"https:\/\/comunicacaoeleitoral.ufpr.br\/#\/schema\/logo\/image\/"},"sameAs":["https:\/\/www.facebook.com\/Comunica\u00e7\u00e3o-Eleitoral-564214587069724\/","https:\/\/www.instagram.com\/comunicacaoeleitoral\/","https:\/\/www.youtube.com\/ocanalpanke"]}]}},"_links":{"self":[{"href":"https:\/\/comunicacaoeleitoral.ufpr.br\/index.php\/wp-json\/wp\/v2\/pages\/15"}],"collection":[{"href":"https:\/\/comunicacaoeleitoral.ufpr.br\/index.php\/wp-json\/wp\/v2\/pages"}],"about":[{"href":"https:\/\/comunicacaoeleitoral.ufpr.br\/index.php\/wp-json\/wp\/v2\/types\/page"}],"author":[{"embeddable":true,"href":"https:\/\/comunicacaoeleitoral.ufpr.br\/index.php\/wp-json\/wp\/v2\/users\/1"}],"replies":[{"embeddable":true,"href":"https:\/\/comunicacaoeleitoral.ufpr.br\/index.php\/wp-json\/wp\/v2\/comments?post=15"}],"version-history":[{"count":331,"href":"https:\/\/comunicacaoeleitoral.ufpr.br\/index.php\/wp-json\/wp\/v2\/pages\/15\/revisions"}],"predecessor-version":[{"id":4416,"href":"https:\/\/comunicacaoeleitoral.ufpr.br\/index.php\/wp-json\/wp\/v2\/pages\/15\/revisions\/4416"}],"wp:attachment":[{"href":"https:\/\/comunicacaoeleitoral.ufpr.br\/index.php\/wp-json\/wp\/v2\/media?parent=15"}],"curies":[{"name":"wp","href":"https:\/\/api.w.org\/{rel}","templated":true}]}}