{"id":2666,"date":"2019-12-03T20:25:49","date_gmt":"2019-12-03T20:25:49","guid":{"rendered":"https:\/\/comunicacaoeleitoral.ufpr.br\/wp-content\/uploads\/2019\/12\/2dc7024e-01cd-4a2f-85b0-b20a8807dc45.jpg"},"modified":"2019-12-03T20:25:49","modified_gmt":"2019-12-03T20:25:49","slug":"2dc7024e-01cd-4a2f-85b0-b20a8807dc45","status":"inherit","type":"attachment","link":"https:\/\/comunicacaoeleitoral.ufpr.br\/index.php\/2019\/12\/03\/cel-lanca-livros-digitais-sobre-campanhas-eleitorais-de-2018\/2dc7024e-01cd-4a2f-85b0-b20a8807dc45\/","title":{"rendered":"2dc7024e-01cd-4a2f-85b0-b20a8807dc45"},"author":18,"comment_status":"closed","ping_status":"closed","template":"","meta":{"_monsterinsights_skip_tracking":false,"_monsterinsights_sitenote_active":false,"_monsterinsights_sitenote_note":"","_monsterinsights_sitenote_category":0},"yoast_head":"<!-- This site is optimized with the Yoast SEO plugin v22.2 - https:\/\/yoast.com\/wordpress\/plugins\/seo\/ -->\n<title>2dc7024e-01cd-4a2f-85b0-b20a8807dc45 - Comunica\u00e7\u00e3o Eleitoral<\/title>\n<meta name=\"description\" content=\"Grupo de pesquisa ligado \u00e0 linha de Comunica\u00e7\u00e3o, Pol\u00edtica e Atores Coletivos do Programa de P\u00f3s-gradua\u00e7\u00e3o em Comunica\u00e7\u00e3o da Universidade Federal do Paran\u00e1 (UFPR)\" \/>\n<meta name=\"robots\" content=\"index, follow, max-snippet:-1, max-image-preview:large, max-video-preview:-1\" \/>\n<link rel=\"canonical\" href=\"https:\/\/comunicacaoeleitoral.ufpr.br\/wp-content\/uploads\/2019\/12\/2dc7024e-01cd-4a2f-85b0-b20a8807dc45.jpg\" \/>\n<meta property=\"og:locale\" content=\"pt_BR\" \/>\n<meta property=\"og:type\" content=\"article\" \/>\n<meta property=\"og:title\" content=\"2dc7024e-01cd-4a2f-85b0-b20a8807dc45 - Comunica\u00e7\u00e3o Eleitoral\" \/>\n<meta property=\"og:description\" content=\"Grupo de pesquisa ligado \u00e0 linha de Comunica\u00e7\u00e3o, Pol\u00edtica e Atores Coletivos do Programa de P\u00f3s-gradua\u00e7\u00e3o em Comunica\u00e7\u00e3o da Universidade Federal do Paran\u00e1 (UFPR)\" \/>\n<meta property=\"og:url\" content=\"https:\/\/comunicacaoeleitoral.ufpr.br\/wp-content\/uploads\/2019\/12\/2dc7024e-01cd-4a2f-85b0-b20a8807dc45.jpg\" \/>\n<meta property=\"og:site_name\" content=\"Comunica\u00e7\u00e3o Eleitoral\" \/>\n<meta property=\"article:publisher\" content=\"https:\/\/www.facebook.com\/Comunica%c3%a7%c3%a3o-Eleitoral-564214587069724\/\" \/>\n<meta property=\"og:image\" content=\"https:\/\/comunicacaoeleitoral.ufpr.br\/wp-content\/uploads\/2019\/12\/2dc7024e-01cd-4a2f-85b0-b20a8807dc45.jpg\" \/>\n\t<meta property=\"og:image:width\" content=\"1280\" \/>\n\t<meta property=\"og:image:height\" content=\"960\" \/>\n\t<meta property=\"og:image:type\" content=\"image\/jpeg\" \/>\n<meta name=\"twitter:card\" content=\"summary_large_image\" \/>\n<script type=\"application\/ld+json\" class=\"yoast-schema-graph\">{\"@context\":\"https:\/\/schema.org\",\"@graph\":[{\"@type\":\"WebPage\",\"@id\":\"https:\/\/comunicacaoeleitoral.ufpr.br\/wp-content\/uploads\/2019\/12\/2dc7024e-01cd-4a2f-85b0-b20a8807dc45.jpg\",\"url\":\"https:\/\/comunicacaoeleitoral.ufpr.br\/wp-content\/uploads\/2019\/12\/2dc7024e-01cd-4a2f-85b0-b20a8807dc45.jpg\",\"name\":\"2dc7024e-01cd-4a2f-85b0-b20a8807dc45 - Comunica\u00e7\u00e3o Eleitoral\",\"isPartOf\":{\"@id\":\"https:\/\/comunicacaoeleitoral.ufpr.br\/#website\"},\"datePublished\":\"2019-12-03T20:25:49+00:00\",\"dateModified\":\"2019-12-03T20:25:49+00:00\",\"description\":\"Grupo de pesquisa ligado \u00e0 linha de Comunica\u00e7\u00e3o, Pol\u00edtica e Atores Coletivos do Programa de P\u00f3s-gradua\u00e7\u00e3o em Comunica\u00e7\u00e3o da Universidade Federal do Paran\u00e1 (UFPR)\",\"breadcrumb\":{\"@id\":\"https:\/\/comunicacaoeleitoral.ufpr.br\/wp-content\/uploads\/2019\/12\/2dc7024e-01cd-4a2f-85b0-b20a8807dc45.jpg#breadcrumb\"},\"inLanguage\":\"pt-BR\",\"potentialAction\":[{\"@type\":\"ReadAction\",\"target\":[\"https:\/\/comunicacaoeleitoral.ufpr.br\/wp-content\/uploads\/2019\/12\/2dc7024e-01cd-4a2f-85b0-b20a8807dc45.jpg\"]}]},{\"@type\":\"BreadcrumbList\",\"@id\":\"https:\/\/comunicacaoeleitoral.ufpr.br\/wp-content\/uploads\/2019\/12\/2dc7024e-01cd-4a2f-85b0-b20a8807dc45.jpg#breadcrumb\",\"itemListElement\":[{\"@type\":\"ListItem\",\"position\":1,\"name\":\"In\u00edcio\",\"item\":\"https:\/\/comunicacaoeleitoral.ufpr.br\/\"},{\"@type\":\"ListItem\",\"position\":2,\"name\":\"CEL lan\u00e7a livros digitais sobre campanhas eleitorais de 2018\",\"item\":\"https:\/\/comunicacaoeleitoral.ufpr.br\/index.php\/2019\/12\/03\/cel-lanca-livros-digitais-sobre-campanhas-eleitorais-de-2018\/\"},{\"@type\":\"ListItem\",\"position\":3,\"name\":\"2dc7024e-01cd-4a2f-85b0-b20a8807dc45\"}]},{\"@type\":\"WebSite\",\"@id\":\"https:\/\/comunicacaoeleitoral.ufpr.br\/#website\",\"url\":\"https:\/\/comunicacaoeleitoral.ufpr.br\/\",\"name\":\"Comunica\u00e7\u00e3o Eleitoral\",\"description\":\"Grupo de pesquisa ligado \u00e0 linha de Comunica\u00e7\u00e3o e Pol\u00edtica do Programa de P\u00f3s-gradua\u00e7\u00e3o em Comunica\u00e7\u00e3o da Universidade Federal do Paran\u00e1.\",\"publisher\":{\"@id\":\"https:\/\/comunicacaoeleitoral.ufpr.br\/#organization\"},\"potentialAction\":[{\"@type\":\"SearchAction\",\"target\":{\"@type\":\"EntryPoint\",\"urlTemplate\":\"https:\/\/comunicacaoeleitoral.ufpr.br\/?s={search_term_string}\"},\"query-input\":\"required name=search_term_string\"}],\"inLanguage\":\"pt-BR\"},{\"@type\":\"Organization\",\"@id\":\"https:\/\/comunicacaoeleitoral.ufpr.br\/#organization\",\"name\":\"Comunica\u00e7\u00e3o Eleitoral\",\"url\":\"https:\/\/comunicacaoeleitoral.ufpr.br\/\",\"logo\":{\"@type\":\"ImageObject\",\"inLanguage\":\"pt-BR\",\"@id\":\"https:\/\/comunicacaoeleitoral.ufpr.br\/#\/schema\/logo\/image\/\",\"url\":\"https:\/\/comunicacaoeleitoral.ufpr.br\/wp-content\/uploads\/2015\/05\/header2c_celtalks.png\",\"contentUrl\":\"https:\/\/comunicacaoeleitoral.ufpr.br\/wp-content\/uploads\/2015\/05\/header2c_celtalks.png\",\"width\":1800,\"height\":674,\"caption\":\"Comunica\u00e7\u00e3o Eleitoral\"},\"image\":{\"@id\":\"https:\/\/comunicacaoeleitoral.ufpr.br\/#\/schema\/logo\/image\/\"},\"sameAs\":[\"https:\/\/www.facebook.com\/Comunica\u00e7\u00e3o-Eleitoral-564214587069724\/\",\"https:\/\/www.instagram.com\/comunicacaoeleitoral\/\",\"https:\/\/www.youtube.com\/ocanalpanke\"]}]}<\/script>\n<!-- \/ Yoast SEO plugin. -->","yoast_head_json":{"title":"2dc7024e-01cd-4a2f-85b0-b20a8807dc45 - Comunica\u00e7\u00e3o Eleitoral","description":"Grupo de pesquisa ligado \u00e0 linha de Comunica\u00e7\u00e3o, Pol\u00edtica e Atores Coletivos do Programa de P\u00f3s-gradua\u00e7\u00e3o em Comunica\u00e7\u00e3o da Universidade Federal do Paran\u00e1 (UFPR)","robots":{"index":"index","follow":"follow","max-snippet":"max-snippet:-1","max-image-preview":"max-image-preview:large","max-video-preview":"max-video-preview:-1"},"canonical":"https:\/\/comunicacaoeleitoral.ufpr.br\/wp-content\/uploads\/2019\/12\/2dc7024e-01cd-4a2f-85b0-b20a8807dc45.jpg","og_locale":"pt_BR","og_type":"article","og_title":"2dc7024e-01cd-4a2f-85b0-b20a8807dc45 - Comunica\u00e7\u00e3o Eleitoral","og_description":"Grupo de pesquisa ligado \u00e0 linha de Comunica\u00e7\u00e3o, Pol\u00edtica e Atores Coletivos do Programa de P\u00f3s-gradua\u00e7\u00e3o em Comunica\u00e7\u00e3o da Universidade Federal do Paran\u00e1 (UFPR)","og_url":"https:\/\/comunicacaoeleitoral.ufpr.br\/wp-content\/uploads\/2019\/12\/2dc7024e-01cd-4a2f-85b0-b20a8807dc45.jpg","og_site_name":"Comunica\u00e7\u00e3o Eleitoral","article_publisher":"https:\/\/www.facebook.com\/Comunica%c3%a7%c3%a3o-Eleitoral-564214587069724\/","og_image":[{"width":1280,"height":960,"url":"https:\/\/comunicacaoeleitoral.ufpr.br\/wp-content\/uploads\/2019\/12\/2dc7024e-01cd-4a2f-85b0-b20a8807dc45.jpg","type":"image\/jpeg"}],"twitter_card":"summary_large_image","schema":{"@context":"https:\/\/schema.org","@graph":[{"@type":"WebPage","@id":"https:\/\/comunicacaoeleitoral.ufpr.br\/wp-content\/uploads\/2019\/12\/2dc7024e-01cd-4a2f-85b0-b20a8807dc45.jpg","url":"https:\/\/comunicacaoeleitoral.ufpr.br\/wp-content\/uploads\/2019\/12\/2dc7024e-01cd-4a2f-85b0-b20a8807dc45.jpg","name":"2dc7024e-01cd-4a2f-85b0-b20a8807dc45 - Comunica\u00e7\u00e3o Eleitoral","isPartOf":{"@id":"https:\/\/comunicacaoeleitoral.ufpr.br\/#website"},"datePublished":"2019-12-03T20:25:49+00:00","dateModified":"2019-12-03T20:25:49+00:00","description":"Grupo de pesquisa ligado \u00e0 linha de Comunica\u00e7\u00e3o, Pol\u00edtica e Atores Coletivos do Programa de P\u00f3s-gradua\u00e7\u00e3o em Comunica\u00e7\u00e3o da Universidade Federal do Paran\u00e1 (UFPR)","breadcrumb":{"@id":"https:\/\/comunicacaoeleitoral.ufpr.br\/wp-content\/uploads\/2019\/12\/2dc7024e-01cd-4a2f-85b0-b20a8807dc45.jpg#breadcrumb"},"inLanguage":"pt-BR","potentialAction":[{"@type":"ReadAction","target":["https:\/\/comunicacaoeleitoral.ufpr.br\/wp-content\/uploads\/2019\/12\/2dc7024e-01cd-4a2f-85b0-b20a8807dc45.jpg"]}]},{"@type":"BreadcrumbList","@id":"https:\/\/comunicacaoeleitoral.ufpr.br\/wp-content\/uploads\/2019\/12\/2dc7024e-01cd-4a2f-85b0-b20a8807dc45.jpg#breadcrumb","itemListElement":[{"@type":"ListItem","position":1,"name":"In\u00edcio","item":"https:\/\/comunicacaoeleitoral.ufpr.br\/"},{"@type":"ListItem","position":2,"name":"CEL lan\u00e7a livros digitais sobre campanhas eleitorais de 2018","item":"https:\/\/comunicacaoeleitoral.ufpr.br\/index.php\/2019\/12\/03\/cel-lanca-livros-digitais-sobre-campanhas-eleitorais-de-2018\/"},{"@type":"ListItem","position":3,"name":"2dc7024e-01cd-4a2f-85b0-b20a8807dc45"}]},{"@type":"WebSite","@id":"https:\/\/comunicacaoeleitoral.ufpr.br\/#website","url":"https:\/\/comunicacaoeleitoral.ufpr.br\/","name":"Comunica\u00e7\u00e3o Eleitoral","description":"Grupo de pesquisa ligado \u00e0 linha de Comunica\u00e7\u00e3o e Pol\u00edtica do Programa de P\u00f3s-gradua\u00e7\u00e3o em Comunica\u00e7\u00e3o da Universidade Federal do Paran\u00e1.","publisher":{"@id":"https:\/\/comunicacaoeleitoral.ufpr.br\/#organization"},"potentialAction":[{"@type":"SearchAction","target":{"@type":"EntryPoint","urlTemplate":"https:\/\/comunicacaoeleitoral.ufpr.br\/?s={search_term_string}"},"query-input":"required name=search_term_string"}],"inLanguage":"pt-BR"},{"@type":"Organization","@id":"https:\/\/comunicacaoeleitoral.ufpr.br\/#organization","name":"Comunica\u00e7\u00e3o Eleitoral","url":"https:\/\/comunicacaoeleitoral.ufpr.br\/","logo":{"@type":"ImageObject","inLanguage":"pt-BR","@id":"https:\/\/comunicacaoeleitoral.ufpr.br\/#\/schema\/logo\/image\/","url":"https:\/\/comunicacaoeleitoral.ufpr.br\/wp-content\/uploads\/2015\/05\/header2c_celtalks.png","contentUrl":"https:\/\/comunicacaoeleitoral.ufpr.br\/wp-content\/uploads\/2015\/05\/header2c_celtalks.png","width":1800,"height":674,"caption":"Comunica\u00e7\u00e3o Eleitoral"},"image":{"@id":"https:\/\/comunicacaoeleitoral.ufpr.br\/#\/schema\/logo\/image\/"},"sameAs":["https:\/\/www.facebook.com\/Comunica\u00e7\u00e3o-Eleitoral-564214587069724\/","https:\/\/www.instagram.com\/comunicacaoeleitoral\/","https:\/\/www.youtube.com\/ocanalpanke"]}]}},"description":{"rendered":"<p class=\"attachment\"><a rel=\"prettyPhoto[postimages]\" href='https:\/\/comunicacaoeleitoral.ufpr.br\/wp-content\/uploads\/2019\/12\/2dc7024e-01cd-4a2f-85b0-b20a8807dc45.jpg'><img loading=\"lazy\" decoding=\"async\" width=\"300\" height=\"225\" src=\"https:\/\/comunicacaoeleitoral.ufpr.br\/wp-content\/uploads\/2019\/12\/2dc7024e-01cd-4a2f-85b0-b20a8807dc45-300x225.jpg\" class=\"attachment-medium size-medium\" alt=\"\" srcset=\"https:\/\/comunicacaoeleitoral.ufpr.br\/wp-content\/uploads\/2019\/12\/2dc7024e-01cd-4a2f-85b0-b20a8807dc45-300x225.jpg 300w, https:\/\/comunicacaoeleitoral.ufpr.br\/wp-content\/uploads\/2019\/12\/2dc7024e-01cd-4a2f-85b0-b20a8807dc45-1024x768.jpg 1024w, https:\/\/comunicacaoeleitoral.ufpr.br\/wp-content\/uploads\/2019\/12\/2dc7024e-01cd-4a2f-85b0-b20a8807dc45.jpg 1280w\" sizes=\"(max-width: 300px) 100vw, 300px\" \/><\/a><\/p>\n"},"caption":{"rendered":""},"alt_text":"","media_type":"image","mime_type":"image\/jpeg","media_details":{"width":1280,"height":960,"file":"2019\/12\/2dc7024e-01cd-4a2f-85b0-b20a8807dc45.jpg","sizes":{"thumbnail":{"file":"2dc7024e-01cd-4a2f-85b0-b20a8807dc45-150x150.jpg","width":150,"height":150,"mime_type":"image\/jpeg","source_url":"https:\/\/comunicacaoeleitoral.ufpr.br\/wp-content\/uploads\/2019\/12\/2dc7024e-01cd-4a2f-85b0-b20a8807dc45-150x150.jpg"},"medium":{"file":"2dc7024e-01cd-4a2f-85b0-b20a8807dc45-300x225.jpg","width":300,"height":225,"mime_type":"image\/jpeg","source_url":"https:\/\/comunicacaoeleitoral.ufpr.br\/wp-content\/uploads\/2019\/12\/2dc7024e-01cd-4a2f-85b0-b20a8807dc45-300x225.jpg"},"large":{"file":"2dc7024e-01cd-4a2f-85b0-b20a8807dc45-1024x768.jpg","width":1024,"height":768,"mime_type":"image\/jpeg","source_url":"https:\/\/comunicacaoeleitoral.ufpr.br\/wp-content\/uploads\/2019\/12\/2dc7024e-01cd-4a2f-85b0-b20a8807dc45-1024x768.jpg"},"post-thumbnail":{"file":"2dc7024e-01cd-4a2f-85b0-b20a8807dc45-680x330.jpg","width":680,"height":330,"mime_type":"image\/jpeg","source_url":"https:\/\/comunicacaoeleitoral.ufpr.br\/wp-content\/uploads\/2019\/12\/2dc7024e-01cd-4a2f-85b0-b20a8807dc45-680x330.jpg"},"slider-thumbnail":{"file":"2dc7024e-01cd-4a2f-85b0-b20a8807dc45-400x280.jpg","width":400,"height":280,"mime_type":"image\/jpeg","source_url":"https:\/\/comunicacaoeleitoral.ufpr.br\/wp-content\/uploads\/2019\/12\/2dc7024e-01cd-4a2f-85b0-b20a8807dc45-400x280.jpg"},"tabs-img":{"file":"2dc7024e-01cd-4a2f-85b0-b20a8807dc45-50x50.jpg","width":50,"height":50,"mime_type":"image\/jpeg","source_url":"https:\/\/comunicacaoeleitoral.ufpr.br\/wp-content\/uploads\/2019\/12\/2dc7024e-01cd-4a2f-85b0-b20a8807dc45-50x50.jpg"},"recent-works-thumbnail":{"file":"2dc7024e-01cd-4a2f-85b0-b20a8807dc45-57x57.jpg","width":57,"height":57,"mime_type":"image\/jpeg","source_url":"https:\/\/comunicacaoeleitoral.ufpr.br\/wp-content\/uploads\/2019\/12\/2dc7024e-01cd-4a2f-85b0-b20a8807dc45-57x57.jpg"},"full":{"file":"2dc7024e-01cd-4a2f-85b0-b20a8807dc45.jpg","width":1280,"height":960,"mime_type":"image\/jpeg","source_url":"https:\/\/comunicacaoeleitoral.ufpr.br\/wp-content\/uploads\/2019\/12\/2dc7024e-01cd-4a2f-85b0-b20a8807dc45.jpg"}},"image_meta":{"aperture":0,"credit":"","camera":"","caption":"","created_timestamp":0,"copyright":"","focal_length":0,"iso":0,"shutter_speed":0,"title":"","orientation":0}},"post":2657,"source_url":"https:\/\/comunicacaoeleitoral.ufpr.br\/wp-content\/uploads\/2019\/12\/2dc7024e-01cd-4a2f-85b0-b20a8807dc45.jpg","_links":{"self":[{"href":"https:\/\/comunicacaoeleitoral.ufpr.br\/index.php\/wp-json\/wp\/v2\/media\/2666"}],"collection":[{"href":"https:\/\/comunicacaoeleitoral.ufpr.br\/index.php\/wp-json\/wp\/v2\/media"}],"about":[{"href":"https:\/\/comunicacaoeleitoral.ufpr.br\/index.php\/wp-json\/wp\/v2\/types\/attachment"}],"author":[{"embeddable":true,"href":"https:\/\/comunicacaoeleitoral.ufpr.br\/index.php\/wp-json\/wp\/v2\/users\/18"}],"replies":[{"embeddable":true,"href":"https:\/\/comunicacaoeleitoral.ufpr.br\/index.php\/wp-json\/wp\/v2\/comments?post=2666"}]}}